{"id":42,"date":"2023-11-02T06:45:51","date_gmt":"2023-11-02T05:45:51","guid":{"rendered":"https:\/\/stellasidi.com.ar\/nuevo\/?page_id=42"},"modified":"2023-11-15T05:48:04","modified_gmt":"2023-11-15T04:48:04","slug":"c-v","status":"publish","type":"page","link":"https:\/\/stellasidi.com.ar\/index.php\/c-v\/","title":{"rendered":"trayectoria"},"content":{"rendered":"\t\t<div data-elementor-type=\"wp-page\" data-elementor-id=\"42\" class=\"elementor elementor-42\" data-elementor-post-type=\"page\">\n\t\t\t\t<div class=\"elementor-element elementor-element-89bf5bb e-flex e-con-boxed e-con e-parent\" data-id=\"89bf5bb\" data-element_type=\"container\" data-e-type=\"container\">\n\t\t\t\t\t<div class=\"e-con-inner\">\n\t\t\t\t<div class=\"elementor-element elementor-element-c4e1ba0 elementor-widget elementor-widget-spacer\" data-id=\"c4e1ba0\" data-element_type=\"widget\" data-e-type=\"widget\" data-widget_type=\"spacer.default\">\n\t\t\t\t<div class=\"elementor-widget-container\">\n\t\t\t\t\t\t\t<div class=\"elementor-spacer\">\n\t\t\t<div class=\"elementor-spacer-inner\"><\/div>\n\t\t<\/div>\n\t\t\t\t\t\t<\/div>\n\t\t\t\t<\/div>\n\t\t\t\t\t<\/div>\n\t\t\t\t<\/div>\n\t\t<div class=\"elementor-element elementor-element-4bb6e7d e-flex e-con-boxed e-con e-parent\" data-id=\"4bb6e7d\" data-element_type=\"container\" data-e-type=\"container\" data-settings=\"{&quot;background_background&quot;:&quot;gradient&quot;,&quot;background_motion_fx_motion_fx_scrolling&quot;:&quot;yes&quot;,&quot;background_motion_fx_devices&quot;:[&quot;desktop&quot;,&quot;tablet&quot;,&quot;mobile&quot;]}\">\n\t\t\t\t\t<div class=\"e-con-inner\">\n\t\t<div class=\"elementor-element elementor-element-36b57c5 e-con-full e-flex e-con e-child\" data-id=\"36b57c5\" data-element_type=\"container\" data-e-type=\"container\">\n\t\t\t\t<div class=\"elementor-element elementor-element-509596d elementor-widget__width-initial elementor-widget elementor-widget-text-editor\" data-id=\"509596d\" data-element_type=\"widget\" data-e-type=\"widget\" data-widget_type=\"text-editor.default\">\n\t\t\t\t<div class=\"elementor-widget-container\">\n\t\t\t\t\t\t\t\t\t<p>Nacida en Bulgaria, adopt\u00f3 la ciudadan\u00eda argentina. Egres\u00f3\u00a0de\u00a0las\u00a0Escuelas\u00a0Nacionales\u00a0de\u00a0Bellas\u00a0Artes \u201cManuel Belgrano\u201d y \u201cPrilidiano Pueyrred\u00f3n\u201d, con el t\u00edtulo\u00a0de\u00a0Profesora\u00a0de\u00a0Dibujo\u00a0y\u00a0Pintura.<\/p><p>Asisti\u00f3 a los talleres de los maestros Dom\u00ednguez Neira\u00a0y Domingo Onofrio. Complet\u00f3 sus estudios con cursos de Historia del Arte y Seminarios de Est\u00e9tica en general y del Cine, jornadas de nuevas tecnolog\u00edas. Ilustr\u00f3 poemas y libros.<\/p><p>Desde 1983 \u00a0y hasta 2019\u00a0coordin\u00f3\u00a0su\u00a0 Taller pr\u00e1ctico y te\u00f3rico\u00a0de\u00a0Artes\u00a0Visuales\u00a0en<br \/><span style=\"font-style: inherit; font-weight: inherit; text-align: var(--text-align); background-color: transparent;\">Buenos\u00a0Aires.<\/span><\/p><p>Actualmente y desde 2019 imparte seminarios te\u00f3ricos sobre artes visuales por zoom<\/p><p>Sus\u00a0obras\u00a0se\u00a0encuentran\u00a0en\u00a0colecciones\u00a0privadas\u00a0e\u00a0institucionales\u00a0del\u00a0pa\u00eds\u00a0y\u00a0de\u00a0Uruguay,\u00a0Brasil,\u00a0Venezuela,\u00a0<br \/>M\u00e9xico,\u00a0Rep.\u00a0Dominicana,<span style=\"font-style: inherit; font-weight: inherit; text-align: var(--text-align); background-color: transparent;\">Colombia,\u00a0E.E.U.U.,Canad\u00e1,\u00a0Italia,\u00a0Francia,\u00a0Israel,Espa\u00f1a.\u00a0Holanda<\/span><\/p><p>Tambi\u00e9n en la FUNDACI\u00d3N del BANCO PATRICIOS, BUENOS AIRES, C.N.E.A. <br \/>CENTRO ATOMICO CONSTITUYENTES, BUENOS AIRES;<br \/>MUSEO DE ARTE MODERNO DE STO. DOMINGO,<br \/>LA CASA ARGENTINA DE STO. DOMINGO, REP.DOMINICANA\u00a0 <br \/>CONSULADO ARGENTINO de\u00a0 SAN SALVADOR DE BAHIA, BRASIL.<\/p>\t\t\t\t\t\t\t\t<\/div>\n\t\t\t\t<\/div>\n\t\t\t\t<\/div>\n\t\t<div class=\"elementor-element elementor-element-5d1d6e5 e-con-full e-flex e-con e-child\" data-id=\"5d1d6e5\" data-element_type=\"container\" data-e-type=\"container\">\n\t\t\t\t<div class=\"elementor-element elementor-element-577aec30 elementor-widget__width-initial elementor-widget-tablet__width-inherit elementor-widget elementor-widget-image\" data-id=\"577aec30\" data-element_type=\"widget\" data-e-type=\"widget\" data-widget_type=\"image.default\">\n\t\t\t\t<div class=\"elementor-widget-container\">\n\t\t\t\t\t\t\t\t\t\t\t\t\t\t\t<img fetchpriority=\"high\" decoding=\"async\" width=\"908\" height=\"1024\" src=\"https:\/\/stellasidi.com.ar\/wp-content\/uploads\/2023\/11\/retrato-stella-sidi-908x1024.jpg\" class=\"attachment-large size-large wp-image-623\" alt=\"\" srcset=\"https:\/\/stellasidi.com.ar\/wp-content\/uploads\/2023\/11\/retrato-stella-sidi-908x1024.jpg 908w, https:\/\/stellasidi.com.ar\/wp-content\/uploads\/2023\/11\/retrato-stella-sidi-266x300.jpg 266w, https:\/\/stellasidi.com.ar\/wp-content\/uploads\/2023\/11\/retrato-stella-sidi-768x867.jpg 768w, https:\/\/stellasidi.com.ar\/wp-content\/uploads\/2023\/11\/retrato-stella-sidi.jpg 959w\" sizes=\"(max-width: 908px) 100vw, 908px\" \/>\t\t\t\t\t\t\t\t\t\t\t\t\t\t\t<\/div>\n\t\t\t\t<\/div>\n\t\t\t\t<\/div>\n\t\t\t\t\t<\/div>\n\t\t\t\t<\/div>\n\t\t<div class=\"elementor-element elementor-element-a4fb4b3 e-flex e-con-boxed e-con e-parent\" data-id=\"a4fb4b3\" data-element_type=\"container\" data-e-type=\"container\" data-settings=\"{&quot;background_background&quot;:&quot;gradient&quot;,&quot;background_motion_fx_motion_fx_scrolling&quot;:&quot;yes&quot;,&quot;background_motion_fx_translateX_effect&quot;:&quot;yes&quot;,&quot;background_motion_fx_translateX_speed&quot;:{&quot;unit&quot;:&quot;px&quot;,&quot;size&quot;:4,&quot;sizes&quot;:[]},&quot;background_motion_fx_translateX_affectedRange&quot;:{&quot;unit&quot;:&quot;%&quot;,&quot;size&quot;:&quot;&quot;,&quot;sizes&quot;:{&quot;start&quot;:0,&quot;end&quot;:100}},&quot;background_motion_fx_devices&quot;:[&quot;desktop&quot;,&quot;tablet&quot;,&quot;mobile&quot;]}\">\n\t\t\t\t\t<div class=\"e-con-inner\">\n\t\t<div class=\"elementor-element elementor-element-81fe1ee e-con-full e-flex e-con e-child\" data-id=\"81fe1ee\" data-element_type=\"container\" data-e-type=\"container\">\n\t\t\t\t<div class=\"elementor-element elementor-element-386fd8d elementor-widget__width-initial elementor-widget elementor-widget-text-editor\" data-id=\"386fd8d\" data-element_type=\"widget\" data-e-type=\"widget\" data-widget_type=\"text-editor.default\">\n\t\t\t\t<div class=\"elementor-widget-container\">\n\t\t\t\t\t\t\t\t\t<p><strong>PARTICIP\u00d3 EN LAS SIGUIENTES FERIAS :<\/strong><\/p><p>ART\u00a0MIAMI\u00a01995\/96\/97\/98\/99\/2000\u00a0(E.E.U.U.),\u00a0<br \/>ARTE\u00a0BA\u00a01995\/96\/98\/hasta\u00a0el\u00a02007\u00a0\u00a0BS.\u00a0AS.\u00a0(ARGENTINA),\u00a0<br \/>GUADALAJARA\u00a01995\u00a0(M\u00c9XICO),\u00a0<br \/>CARACAS\u00a01996\/97\/98\/99\/\u00a0(VENEZUELA),\u00a0<br \/>BOGOT\u00c1\u00a01996\u00a0(COLOMBIA).\u00a0<br \/>UNIVERSIDAD\u00a0DE\u00a0ACAPULCO,\u00a0M\u00c9XICO.\u00a0<br \/>TIAF\u00a0TORONTO\u00a02000\u00a0\/2001\/2003(CANAD\u00c1).\u00a0<br \/>PALM\u00a0SPRINGS\u00a0(E.E.U.U.)\u00a02001.\u00a0<br \/>ESTAMPA MADRID, ESPA\u00d1A, 2001, 2002. <br \/>EXPO- TRASTIENDAS III 2003. <br \/>EGGO-BS.AS. &#8211; 2012. <br \/>AFFORDABLE FAIR-MILANO \u2013 2015.<\/p>\t\t\t\t\t\t\t\t<\/div>\n\t\t\t\t<\/div>\n\t\t\t\t<div class=\"elementor-element elementor-element-f74257e elementor-widget__width-initial elementor-widget elementor-widget-text-editor\" data-id=\"f74257e\" data-element_type=\"widget\" data-e-type=\"widget\" data-widget_type=\"text-editor.default\">\n\t\t\t\t<div class=\"elementor-widget-container\">\n\t\t\t\t\t\t\t\t\t<p><strong>REALIZ\u00d3 ALREDEDOR DE 100 MUESTRA COLECTIVAS &#8211; LAS M\u00c1S RELEVANTES<\/strong><\/p><p>FUNDACI\u00d3N\u00a0BANCO\u00a0PATRICIOS\u00a0\u2013\u00a0\u201cLA\u00a0MUJER<br \/>EN\u00a0LA\u00a0PL\u00c1STICA\u00a0HOY\u201d \u00a0 (1984)<br \/>CONSULADO ARGENTINO EN COLONIA REP. ORIENTAL DEL URUGUAY\u00a0 \u00a0(1985)<br \/>\u201cARTISTAS ARGENTINOS CONTEMPOR\u00c1NEOS\u201d SAN PABLO, CURITIBA Y RIO DE JANEIRO, BRASIL\u00a0 (1986)<br \/>TREVISO-ITALIA\u00a0\u00a0\u00a0\u00a0\u00a0 (1987)<br \/>CENTRO\u00a0CULTURAL\u00a0\u201cGENERAL\u00a0SAN\u00a0MARTIN\u201d\u00a0\u00a0\u00a0 (1989)<br \/>MUSEO \u201cCARLOS CASTAGNINO\u201d MAR DEL PLATA PROV.\u00a0BS.AS. \u00a0 (1989)<br \/>MUSEO NACIONAL DE BELLAS ARTES PREMIADOS CONCURSO \u201cAVON\u201d\u00a0\u00a0\u00a0 (1993)<br \/>LIBRO\u00a0DE\u00a0ARTISTA\u00a0MUSEO\u00a0SIVORI \u00a0 (1997-2000)<br \/>UNIVERSIDAD\u00a0AMERICANA,ACAPULCO\u00a0MEXICO \u00a0\u00a0 (1997)<br \/>LIBRO\u00a0DE\u00a0ARTISTA\u00a0BIBLIOTECA\u00a0NACIONAL\u00a0\u00a0\u00a0(1998)<br \/>MAYAN\u00a0PALACE\u00a0ACAPULCO,\u00a0MEXICO<br \/>MERCOSUR: LA CR\u00cdTICA Y EL ARTE ARGENTINO EN LA IDENTIDAD REGIONAL, AAC \u2013 AIC Y ARCIMBOLDO\u00a0 (1999)<br \/>CENTRO CULTURAL DE LOS ARTISTAS (2003)<br \/><span style=\"font-size: 16px;\">ARTE LATINOAMERICANO EN HOLANDA\u00a0 (2003)<br \/><\/span>GALER\u00cdA\u00a0ARTANA\u00a0HOLANDA \u00a0(2003\/2004)<br \/>DIRECCI\u00d3N\u00a0GENERAL\u00a0DE\u00a0MUSEOS,\u00a0BS.\u00a0AS. (2004)<br \/>FONDO NACIONAL DE LAS ARTES LIBRO DE ARTISTA \u00a0 (2015)<br \/>CENTRO CULTURAL BORGES 2016<br \/>MUSEO RAGGIO 2017<br \/>FESTIVAL DE LA LUZ 2018<\/p>\t\t\t\t\t\t\t\t<\/div>\n\t\t\t\t<\/div>\n\t\t\t\t<div class=\"elementor-element elementor-element-2177416 elementor-widget__width-initial elementor-widget elementor-widget-text-editor\" data-id=\"2177416\" data-element_type=\"widget\" data-e-type=\"widget\" data-widget_type=\"text-editor.default\">\n\t\t\t\t<div class=\"elementor-widget-container\">\n\t\t\t\t\t\t\t\t\t<p><strong>ALGUNOS PREMIOS:<\/strong><\/p><p>SAL\u00d3N NACIONAL DE \u201cARTE SACRO\u201d TANDIL PROV. BS.AS.-\u00a0 PINTURA- MENCI\u00d3N ESPECIAL \u00a0 (1994)<br \/><span style=\"font-size: 16px;\">SAL\u00d3N MUNICIPAL DE AVELLANEDA-PINTURA <\/span>MENCI\u00d3N\u00a0DEL\u00a0JURADO \u00a0 \u00a0 (1995)<br \/>SAL\u00d3N \u201cLA MUJER Y SU PROTAGONISMO CULTURAL\u201d SUBSECRETAR\u00cdA\u00a0DE\u00a0CULTURA,\u00a0PROV.DE\u00a0BS.AS.-DIBUJO \u00a0 \u00a0 (2003)<br \/>SAL\u00d3N DE DIBUJO-SUBSECRETAR\u00cdA DE CULTURA DE LA PAMPA-MENCI\u00d3N ESPECIAL DEL JURADO\u00a0 \u00a0 (2003)<br \/>PREMIO WEB COLOR 2005 INTERNACIONAL EDICIONES\u00a0KLEINOS-ITALIA \u00a0(2006)<br \/>PREMI DELLA CULTURA TROFEO &#8220;MEDUSA&#8221; ROMA &#8211; ITALIA MEDAGLIA\u00a0 DI BRONZO EX AEQUO,DIBUJO \u00a0 \u00a0 (2007)<\/p><p><strong>ALGUNAS\u00a0ACTUACIONES\u00a0COMO\u00a0JURADO<\/strong><\/p><p>\u201cDIMENSI\u00d3N ARTE-SAAP\u201d\u00a0 (1992)<br \/>\u201cCEARCO\u201d \u00a0 (1992-3)<br \/>CONCURSO DE MANCHAS \u201cFEDIBA\u201d 5\u00baCENTENARIO DEL DESCUBRIMIENTO DE\u00a0AM\u00c9RICA\u00a0\u00a0SAL\u00d2N\u00a0DE\u00a0PINTURA \u00a0 \u00a0(1992)<br \/>\u201cBUENOS AIRES\u201d ANDREANI SAL\u00d3N NACIONAL \u00a0 \u00a0(1996)<br \/>\u201cPREMIO\u00a0GALERIA\u00a0HOY\u00a0EN\u00a0EL\u00a0ARTE\u201d \u00a0 (1999)<br \/>SAL\u00d3N\u00a0NACIONAL\u00a0\u201cPEQUE\u00d1O\u00a0FORMATO\u00a0CENTRO\u00a0FORTABAT\u201d \u00a0 (1999)<br \/>SAL\u00d3N\u00a0\u201cBUENOS\u00a0AIRES\u201d\u00a0\u201cPREMIO\u00a0ST.\u00a0MATTHIAS<br \/>KOLLEG\u00a0TUNSDORF\u201d\u00a0ALEMANIA \u00a0 (2000)<br \/>SAL\u00d3N\u00a0\u201cWIZO-OSWA\u201d \u00a0 (2003)<br \/>FOTO CLUB BUENOS AIRES (2004)<\/p><p><strong>OTRAS\u00a0ACTIVIDADES<\/strong><\/p><p>COLABOR\u00d3 EN FM 97.3 \u201cCONTACTO\u201d DURANTE 1995\/96\u00a0\u00a0\u201cLA PALABRA, EL DESEO, LA LOCURA\u201d, NOMINADO POR LA ASOCIACI\u00d3N DE CR\u00cdTICOS COMO MEJOR\u00a0PROGRAMA\u00a0RADIAL.\u00a0<br \/>EN 1998 REALIZ\u00d3 LA COLUMNA DE ARTES PL\u00c1STICAS\u00a0EN\u00a0FM\u00a0ECOLOGICA.\u00a0<br \/>EN 1999 HIZO CR\u00d3NICA DE ARTES\u00a0PL\u00c1STICAS EN FM CONTACTO 97.3 EN \u201cTE DIGO LA OTRA\u201d.<br \/>DESDE\u00a01999\u00a0PRODUCE\u00a0Y\u00a0CONDUCE\u00a0SU\u00a0PROPIO\u00a0PROGRAMA\u00a0EN\u00a0RADIO\u00a0CULTURA\u00a097.9\u00a0\u201cPINCELADAS\u00a0Y\u00a0OTROS\u00a0CONDIMENTOS\u201d. HASTA EL 2018 Y ACTUALMENTE EN WWW.CONEXIONABIERTA.COM.AR.<br \/>PARTICIP\u00d3\u00a0CON\u00a0UN\u00a0STAND\u00a0PARA\u00a0MEDIOS\u00a0EN\u00a0ARTEBA\u00a02002\/2003\/2004\/2005\u00a0<br \/>Y\u00a0EXPO-TRASTIENDAS\u00a02002\/2003\/2004.<\/p>\t\t\t\t\t\t\t\t<\/div>\n\t\t\t\t<\/div>\n\t\t\t\t<\/div>\n\t\t<div class=\"elementor-element elementor-element-83fea34 e-con-full e-flex e-con e-child\" data-id=\"83fea34\" data-element_type=\"container\" data-e-type=\"container\">\n\t\t\t\t<div class=\"elementor-element elementor-element-bac353f elementor-widget__width-initial elementor-widget elementor-widget-text-editor\" data-id=\"bac353f\" data-element_type=\"widget\" data-e-type=\"widget\" data-widget_type=\"text-editor.default\">\n\t\t\t\t<div class=\"elementor-widget-container\">\n\t\t\t\t\t\t\t\t\t<p><strong>MUESTRAS\u00a0INDIVIDUALES\u00a0\u00a0\u00a0DESTACADAS\u00a0(50\u00a0realizadas)<\/strong><\/p><p>FUNDACI\u00d3N\u00a0BANCO\u00a0PATRICIOS \u00a0(1985)<br \/>MUSEO DE ARTE MODERNO \u201cGAM\u201d STO. DOMINGO REP.\u00a0DOMINICANA\u00a0\u00a0\u00a0\u00a0\u00a0(1991)<br \/>GALER\u00cdA\u00a0\u201cPIO\u00a0COLLIVADINO\u201d\u00a0120\u00a0ANIVERSARIO<br \/>ASOCIACI\u00d3N\u00a0\u201cNAZIONALE\u00a0ITALIANA\u201d \u00a0 \u00a0 (1991)<br \/>HONORABLE\u00a0CONCEJO\u00a0DELIBERANTE,BS.\u00a0AS.\u00a0\u00a0(1991)<br \/>\u201cLA PUERTA\u201d ARTE CONTEMPOR\u00c1NEO, ROSARIO PROV.\u00a0SANTA\u00a0F\u00c9\u00a0\u00a0\u00a0\u00a0(1995)<br \/>MUSEO\u00a0DE\u00a0ARTE\u00a0MODERNO\u00a0\u2013\u00a0SAN\u00a0SALVADOR \u00a0(1995)<br \/>DE\u00a0BAH\u00cdA,\u00a0BRASIL\u00a0\u00a0\u00a0\u00a0\u00a0\u00a0\u00a0(1995)<br \/>CASAL\u00a0DE\u00a0CATALU\u00d1A\u00a0\u00a0\u00a0(1996)<br \/>BIBLIOTECA\u00a0POPULAR,\u00a0COMPLEJO\u00a0CULTURAL<br \/>MARIANO\u00a0MORENO,\u00a0BERNAL,\u00a0PROV.\u00a0BS.\u00a0AS.\u00a0\u00a0\u00a0\u00a0\u00a0\u00a0(1997)<br \/>GALER\u00cdA \u201cARCIMBOLDO\u201d Y \u201cROBERTO MARTIN\u201d ARTE CONTEMPOR\u00c1NEO LATINOAMERICANO,\u00a0\u00a0\u00a0\u00a0\u00a0(1999) SIMULT\u00c1NEAMENTE<br \/>\u201cMAS\u00a0PIM\u201d\u00a0VERG\u00c9S\u00a0GERONA,\u00a0ESPA\u00d1A\u00a0\u00a0\u00a0\u00a0(2002)<br \/>MUSEO\u00a0HECTOR\u00a0BORLA\u00a0\u00a0ANTOLOG\u00cdA\u00a0\u00a0\u00a0\u00a0\u00a0(2004)<br \/>ESPERANZA\u00a0\u2013\u00a0SANTA\u00a0FE.\u00a0\u00a0\u00a0\u00a0\u00a0(2004)<br \/>CENTRO\u00a0CULTURAL\u00a0RECOLETA \u00a0 \u00a0 (2005\/2011\/2015)<br \/>ESPACIO\u00a0DE\u00a0ARTE\u00a0RADIO\u00a0CULTURA\u00a0\u00a0\u00a0\u00a0(2013)<br \/>BANCO CIUDAD ESPACIO ESMERALDA 2016<br \/>BANCO CIUDAD ESPACIO FLORIDA 2017<br \/>GALERIA PALERMO H (2019\/22)<br \/>INSTITUTO ESTATAL DE CULTURA SAL\u00d3N \u201cPROF. DR. VASIL GEROV\u201d SOFIA, BULGARIA 2019<br \/>MINISTERIO DE RELACIONES EXTERIORES , CANCILLERIA ARGENTINA EN SOFIA, BULGARIA 2019<br \/>MOVIMIENTO CULTURAL \u201cEL LIMONERO\u201d<br \/>MERCEDES PROV. DE BS. AS. (2023)<br \/>GALER\u00cdA IMAGINARIO (2023)<\/p>\t\t\t\t\t\t\t\t<\/div>\n\t\t\t\t<\/div>\n\t\t\t\t<div class=\"elementor-element elementor-element-0bacc31 elementor-widget__width-initial elementor-widget elementor-widget-text-editor\" data-id=\"0bacc31\" data-element_type=\"widget\" data-e-type=\"widget\" data-widget_type=\"text-editor.default\">\n\t\t\t\t<div class=\"elementor-widget-container\">\n\t\t\t\t\t\t\t\t\t<p><strong>PARTICIPO EN ALREDEDOR DE 100 SALONES Y CONCURSOS algunos son:<\/strong><\/p><p>SAL\u00d3N\u00a0NACIONAL\u00a0PRO.\u00a0SANTA\u00a0F\u00c9\u00a0\u201cROSA<br \/>GALISTEO\u00a0DE\u00a0RODRIGUEZ\u201d-DIBUJO (89-95-98-99-00-01-02-03)<br \/>SAL\u00d3N DE BERNAL- FONDO NACIONALDE\u00a0LAS\u00a0ARTES-DIBUJO \u00a0 (1989)<br \/>PEQUE\u00d1OFORMATO X ANIVERSARIO MUSEO DE DIBUJO Y GRABADO \u201cGUAMAN\u00a0POMA\u201d\u00a0PROV.\u00a0ENTRE\u00a0R\u00cdOS (1999)<br \/>SAL\u00d3N\u00a0MUNICIPAL\u00a0\u201cMANUEL\u00a0BELGRANO\u201d-DIBUJO \u00a0 (1987-94-95)<br \/>SAL\u00d3N\u00a0DE\u00a0PINTURA\u00a0\u201cLA\u00a0CASELLA\u201d\u00a0FUNDACI\u00d3N<br \/>SAL\u00d3N\u00a0PREMIO\u00a0\u201cJERUSALEM\u201d\u00a0DE\u00a0DIBUJO (1998)<br \/>MECENAS\u00a0SALAS\u00a0NACIONALES\u00a0DE\u00a0CULTURA<br \/>\u201cPALAIS\u00a0DE\u00a0GLACE\u201d \u00a0 (1999)<br \/>SEGUNDA BIENAL NACIONAL DE PINTURA \u201cAVON\u201d EN EL ARTE<br \/>CENTRO\u00a0CULTURAL\u00a0BORGES \u00a0 (1999)<br \/>SAL\u00d3N \u201cLA MUJER Y SU PROTAGONISMO CULTURAL\u201d SUBSECRETAR\u00cdA DE CULTURA, PROV.DE BS.AS.-DIBUJO\u00a0\u00a0\u00a0(2003)<br \/>CONCURSO LATINOAMERICANO DE ARTE \u201cCNN EN ESPA\u00d1OL\u201d (2000)<br \/>SAL\u00d3N\u00a0DE\u00a0DIBUJO-SUBSECRETAR\u00cdA\u00a0DE\u00a0CULTURA<br \/>BIENAL INTERNACIONALDE ARTE DIGITAL EN LA\u00a0HABANA,CUBA \u00a0 \u00a0 (2003\/2004\/2005)<br \/>BIENAL\u00a0INTERNACIONAL\u00a0DE\u00a0ARTE\u00a0DIGITAL \u00a0 (2003)<br \/>SIART BOLIVIA DIPLOMA\u00a0DE\u00a0RECONOCIMIENTO\u00a0EN\u00a0EL\u00a0SAL\u00d3N<br \/>DE\u00a0ARTE\u00a0DIGITAL\u00a0MARACAIBO \u00a0(2009)<br \/>V MINI PRINT INTERNACIONAL CANTABRIA, ESPA\u00d1A 2022<\/p>\t\t\t\t\t\t\t\t<\/div>\n\t\t\t\t<\/div>\n\t\t\t\t<div class=\"elementor-element elementor-element-026b0b4 elementor-widget__width-initial elementor-widget elementor-widget-text-editor\" data-id=\"026b0b4\" data-element_type=\"widget\" data-e-type=\"widget\" data-widget_type=\"text-editor.default\">\n\t\t\t\t<div class=\"elementor-widget-container\">\n\t\t\t\t\t\t\t\t\t<p><strong>BIBLIOGRAFIA<\/strong><\/p><p>ANUARIO LATINOAMERICANO DE ARTES PL\u00c1STICAS\u00a0 \u201cDOCUMENTA\u201d\u00a0 ARTE AL D\u00cdA \/ REVISTAS \u201cPRIMERA PLANA\u201d\u00a0 \/ \u201cDIRIGENCIA\u201d \/\u00a0 \u201cOJO DEL ARTE\u201d \/\u00a0 \u201cLA ACTUALIDAD EN EL ARTE\u201d \/ \u201cINFORME TEXTIL\u201d \/ \u201cDICCIONARIO DE ARTISTAS\u201d \/ DIARIOS: \u201cCLAR\u00cdN\u201d\u00a0 \/\u00a0 \u201cEL ECONOMISTA\u201d \u2013 BUENOS AIRES HERALD \/ \u201cTIEMPO ARGENTINO\u201d \/\u00a0 \u201cAMBITO FINANCIERO\u201d \/ PERI\u00d2DICO \u201cOLEO Y M\u00c1RMOL\u201d \/ LIBRO DE ARTISTAS CENTRO ATOMICO CONSTITUYENTES \/ DIBUJO\u00a0ARGENTINO\u00a0CONTEMPOR\u00c1NEO\u201d\u00a0DE\u00a0OMAR\u00a0LOPEZ\u00a0MATO,\u00a0OLMO\u00a0EDICIONES\u00a02009\u00a0Y\u00a0<br \/>FIGURA EN EL LIBRO DE ARTE ARGENTINO DE\u00a0<br \/>MAR\u00cdA\u00a0LAURA\u00a0SAN\u00a0MART\u00cdN<\/p><p>ESCRIBIERON SOBRE SU OBRA ADEM\u00c1S: LOS CR\u00cdTICOS DE ARTE ROSA FACCARO,SARAH GUERRA, LIC. JULIO S\u00c1NCHEZ,, LA LIC. GRACIELA SARTI.<br \/>LOS ARTISTAS PL\u00c1STICOS ARMANDO SAPIA Y HERMENEGILDO SABAT Y EL CR\u00cdTICO ALFREDO CERNADA QUESADA, LAURA FEINSILBER (ARTE AL D\u00cdA, AMBITO FINANCIERO) PELUSA BORTWICK. ALBINO DIEGUEZ VIDELA (LA PRENSA)<\/p>\t\t\t\t\t\t\t\t<\/div>\n\t\t\t\t<\/div>\n\t\t\t\t<\/div>\n\t\t\t\t\t<\/div>\n\t\t\t\t<\/div>\n\t\t\t\t<\/div>\n\t\t","protected":false},"excerpt":{"rendered":"<p>Nacida en Bulgaria, adopt\u00f3 la ciudadan\u00eda argentina. Egres\u00f3\u00a0de\u00a0las\u00a0Escuelas\u00a0Nacionales\u00a0de\u00a0Bellas\u00a0Artes \u201cManuel Belgrano\u201d y \u201cPrilidiano Pueyrred\u00f3n\u201d, con el t\u00edtulo\u00a0de\u00a0Profesora\u00a0de\u00a0Dibujo\u00a0y\u00a0Pintura. Asisti\u00f3 a los talleres de los maestros Dom\u00ednguez Neira\u00a0y Domingo Onofrio. Complet\u00f3 sus estudios con cursos de Historia del Arte y Seminarios de Est\u00e9tica en general y del Cine, jornadas de nuevas tecnolog\u00edas. Ilustr\u00f3 poemas y libros. Desde 1983 [&hellip;]<\/p>\n","protected":false},"author":1,"featured_media":0,"parent":0,"menu_order":0,"comment_status":"closed","ping_status":"closed","template":"","meta":{"site-sidebar-layout":"no-sidebar","site-content-layout":"","ast-site-content-layout":"full-width-container","site-content-style":"default","site-sidebar-style":"default","ast-global-header-display":"","ast-banner-title-visibility":"","ast-main-header-display":"","ast-hfb-above-header-display":"","ast-hfb-below-header-display":"","ast-hfb-mobile-header-display":"","site-post-title":"disabled","ast-breadcrumbs-content":"","ast-featured-img":"disabled","footer-sml-layout":"","ast-disable-related-posts":"","theme-transparent-header-meta":"","adv-header-id-meta":"","stick-header-meta":"","header-above-stick-meta":"","header-main-stick-meta":"","header-below-stick-meta":"","astra-migrate-meta-layouts":"default","ast-page-background-enabled":"default","ast-page-background-meta":{"desktop":{"background-color":"var(--ast-global-color-4)","background-image":"","background-repeat":"repeat","background-position":"center center","background-size":"auto","background-attachment":"scroll","background-type":"","background-media":"","overlay-type":"","overlay-color":"","overlay-opacity":"","overlay-gradient":""},"tablet":{"background-color":"","background-image":"","background-repeat":"repeat","background-position":"center center","background-size":"auto","background-attachment":"scroll","background-type":"","background-media":"","overlay-type":"","overlay-color":"","overlay-opacity":"","overlay-gradient":""},"mobile":{"background-color":"","background-image":"","background-repeat":"repeat","background-position":"center center","background-size":"auto","background-attachment":"scroll","background-type":"","background-media":"","overlay-type":"","overlay-color":"","overlay-opacity":"","overlay-gradient":""}},"ast-content-background-meta":{"desktop":{"background-color":"var(--ast-global-color-5)","background-image":"","background-repeat":"repeat","background-position":"center center","background-size":"auto","background-attachment":"scroll","background-type":"","background-media":"","overlay-type":"","overlay-color":"","overlay-opacity":"","overlay-gradient":""},"tablet":{"background-color":"var(--ast-global-color-5)","background-image":"","background-repeat":"repeat","background-position":"center center","background-size":"auto","background-attachment":"scroll","background-type":"","background-media":"","overlay-type":"","overlay-color":"","overlay-opacity":"","overlay-gradient":""},"mobile":{"background-color":"var(--ast-global-color-5)","background-image":"","background-repeat":"repeat","background-position":"center center","background-size":"auto","background-attachment":"scroll","background-type":"","background-media":"","overlay-type":"","overlay-color":"","overlay-opacity":"","overlay-gradient":""}},"footnotes":""},"class_list":["post-42","page","type-page","status-publish","hentry"],"jetpack_sharing_enabled":true,"_links":{"self":[{"href":"https:\/\/stellasidi.com.ar\/index.php\/wp-json\/wp\/v2\/pages\/42","targetHints":{"allow":["GET"]}}],"collection":[{"href":"https:\/\/stellasidi.com.ar\/index.php\/wp-json\/wp\/v2\/pages"}],"about":[{"href":"https:\/\/stellasidi.com.ar\/index.php\/wp-json\/wp\/v2\/types\/page"}],"author":[{"embeddable":true,"href":"https:\/\/stellasidi.com.ar\/index.php\/wp-json\/wp\/v2\/users\/1"}],"replies":[{"embeddable":true,"href":"https:\/\/stellasidi.com.ar\/index.php\/wp-json\/wp\/v2\/comments?post=42"}],"version-history":[{"count":53,"href":"https:\/\/stellasidi.com.ar\/index.php\/wp-json\/wp\/v2\/pages\/42\/revisions"}],"predecessor-version":[{"id":686,"href":"https:\/\/stellasidi.com.ar\/index.php\/wp-json\/wp\/v2\/pages\/42\/revisions\/686"}],"wp:attachment":[{"href":"https:\/\/stellasidi.com.ar\/index.php\/wp-json\/wp\/v2\/media?parent=42"}],"curies":[{"name":"wp","href":"https:\/\/api.w.org\/{rel}","templated":true}]}}